{"version":"1.0","provider_name":"Wrzeszcz Jarka Wasielewskiego","provider_url":"https:\/\/jarekwasielewski.pl\/zwrzeszcza","author_name":"Jarek Wasielewski","author_url":"https:\/\/jarekwasielewski.pl\/zwrzeszcza\/author\/admin\/","title":"\u201eDw\u00f3jk\u0119\u201d pami\u0119tam dobrze. - Wrzeszcz Jarka Wasielewskiego","type":"rich","width":600,"height":338,"html":"<blockquote class=\"wp-embedded-content\" data-secret=\"BY40SL0HYF\"><a href=\"https:\/\/jarekwasielewski.pl\/zwrzeszcza\/2015\/12\/chodzilem-do-dwojki-czyli-krotki-wpis-wspomnieniowy\/\">\u201eDw\u00f3jk\u0119\u201d pami\u0119tam dobrze.<\/a><\/blockquote><iframe sandbox=\"allow-scripts\" security=\"restricted\" src=\"https:\/\/jarekwasielewski.pl\/zwrzeszcza\/2015\/12\/chodzilem-do-dwojki-czyli-krotki-wpis-wspomnieniowy\/embed\/#?secret=BY40SL0HYF\" width=\"600\" height=\"338\" title=\"&#8222;\u201eDw\u00f3jk\u0119\u201d pami\u0119tam dobrze.&#8221; &#8212; Wrzeszcz Jarka Wasielewskiego\" data-secret=\"BY40SL0HYF\" frameborder=\"0\" marginwidth=\"0\" marginheight=\"0\" scrolling=\"no\" class=\"wp-embedded-content\"><\/iframe><script type=\"text\/javascript\">\n\/* <![CDATA[ *\/\n\/*! This file is auto-generated *\/\n!function(d,l){\"use strict\";l.querySelector&&d.addEventListener&&\"undefined\"!=typeof URL&&(d.wp=d.wp||{},d.wp.receiveEmbedMessage||(d.wp.receiveEmbedMessage=function(e){var t=e.data;if((t||t.secret||t.message||t.value)&&!\/[^a-zA-Z0-9]\/.test(t.secret)){for(var s,r,n,a=l.querySelectorAll('iframe[data-secret=\"'+t.secret+'\"]'),o=l.querySelectorAll('blockquote[data-secret=\"'+t.secret+'\"]'),c=new RegExp(\"^https?:$\",\"i\"),i=0;i<o.length;i++)o[i].style.display=\"none\";for(i=0;i<a.length;i++)s=a[i],e.source===s.contentWindow&&(s.removeAttribute(\"style\"),\"height\"===t.message?(1e3<(r=parseInt(t.value,10))?r=1e3:~~r<200&&(r=200),s.height=r):\"link\"===t.message&&(r=new URL(s.getAttribute(\"src\")),n=new URL(t.value),c.test(n.protocol))&&n.host===r.host&&l.activeElement===s&&(d.top.location.href=t.value))}},d.addEventListener(\"message\",d.wp.receiveEmbedMessage,!1),l.addEventListener(\"DOMContentLoaded\",function(){for(var e,t,s=l.querySelectorAll(\"iframe.wp-embedded-content\"),r=0;r<s.length;r++)(t=(e=s[r]).getAttribute(\"data-secret\"))||(t=Math.random().toString(36).substring(2,12),e.src+=\"#?secret=\"+t,e.setAttribute(\"data-secret\",t)),e.contentWindow.postMessage({message:\"ready\",secret:t},\"*\")},!1)))}(window,document);\n\/\/# sourceURL=https:\/\/jarekwasielewski.pl\/zwrzeszcza\/wp-includes\/js\/wp-embed.min.js\n\/* ]]> *\/\n<\/script>\n","thumbnail_url":"https:\/\/jarekwasielewski.pl\/zwrzeszcza\/wp-content\/uploads\/2015\/11\/wrzeszcz_dwojka.jpg","thumbnail_width":800,"thumbnail_height":600,"description":"Jak zapewne wielu z Was wie, uko\u0144czy\u0142em \u201es\u0142ynn\u0105\u201d Dw\u00f3jk\u0119, czyli II LO we Wrzeszczu. Przy okazji 70. urodzin szko\u0142y wraz z Janem Danilukiem napisali\u015bmy tekst o historii budynku szko\u0142y do okoliczno\u015bciowej publikacji. Przy okazji 75. urodzin &#8222;Dw\u00f3jki&#8221;, poproszono mnie o napisanie osobistego kawa\u0142ka wspomnieniowego. Poni\u017cej &#8222;przedrukowuj\u0119&#8221; opublikowany tam tekst: \u201eDw\u00f3jk\u0119\u201d pami\u0119tam dobrze. Rocznice takie jak&hellip;"}