{"version":"1.0","provider_name":"Wrzeszcz Jarka Wasielewskiego","provider_url":"https:\/\/jarekwasielewski.pl\/zwrzeszcza","author_name":"Jarek Wasielewski","author_url":"https:\/\/jarekwasielewski.pl\/zwrzeszcza\/author\/admin\/","title":"G\u00fcnter Grass by\u0142 z Wrzeszcza - Wrzeszcz Jarka Wasielewskiego","type":"rich","width":600,"height":338,"html":"<blockquote class=\"wp-embedded-content\" data-secret=\"XgCb5aPYcS\"><a href=\"https:\/\/jarekwasielewski.pl\/zwrzeszcza\/2015\/04\/gunter-grass-byl-z-wrzeszcza\/\">G\u00fcnter Grass by\u0142 z Wrzeszcza<\/a><\/blockquote><iframe sandbox=\"allow-scripts\" security=\"restricted\" src=\"https:\/\/jarekwasielewski.pl\/zwrzeszcza\/2015\/04\/gunter-grass-byl-z-wrzeszcza\/embed\/#?secret=XgCb5aPYcS\" width=\"600\" height=\"338\" title=\"&#8222;G\u00fcnter Grass by\u0142 z Wrzeszcza&#8221; &#8212; Wrzeszcz Jarka Wasielewskiego\" data-secret=\"XgCb5aPYcS\" frameborder=\"0\" marginwidth=\"0\" marginheight=\"0\" scrolling=\"no\" class=\"wp-embedded-content\"><\/iframe><script type=\"text\/javascript\">\n\/* <![CDATA[ *\/\n\/*! This file is auto-generated *\/\n!function(d,l){\"use strict\";l.querySelector&&d.addEventListener&&\"undefined\"!=typeof URL&&(d.wp=d.wp||{},d.wp.receiveEmbedMessage||(d.wp.receiveEmbedMessage=function(e){var t=e.data;if((t||t.secret||t.message||t.value)&&!\/[^a-zA-Z0-9]\/.test(t.secret)){for(var s,r,n,a=l.querySelectorAll('iframe[data-secret=\"'+t.secret+'\"]'),o=l.querySelectorAll('blockquote[data-secret=\"'+t.secret+'\"]'),c=new RegExp(\"^https?:$\",\"i\"),i=0;i<o.length;i++)o[i].style.display=\"none\";for(i=0;i<a.length;i++)s=a[i],e.source===s.contentWindow&&(s.removeAttribute(\"style\"),\"height\"===t.message?(1e3<(r=parseInt(t.value,10))?r=1e3:~~r<200&&(r=200),s.height=r):\"link\"===t.message&&(r=new URL(s.getAttribute(\"src\")),n=new URL(t.value),c.test(n.protocol))&&n.host===r.host&&l.activeElement===s&&(d.top.location.href=t.value))}},d.addEventListener(\"message\",d.wp.receiveEmbedMessage,!1),l.addEventListener(\"DOMContentLoaded\",function(){for(var e,t,s=l.querySelectorAll(\"iframe.wp-embedded-content\"),r=0;r<s.length;r++)(t=(e=s[r]).getAttribute(\"data-secret\"))||(t=Math.random().toString(36).substring(2,12),e.src+=\"#?secret=\"+t,e.setAttribute(\"data-secret\",t)),e.contentWindow.postMessage({message:\"ready\",secret:t},\"*\")},!1)))}(window,document);\n\/\/# sourceURL=https:\/\/jarekwasielewski.pl\/zwrzeszcza\/wp-includes\/js\/wp-embed.min.js\n\/* ]]> *\/\n<\/script>\n","thumbnail_url":"https:\/\/jarekwasielewski.pl\/zwrzeszcza\/wp-content\/uploads\/2015\/04\/grass_gestorben_710_x_300_0.jpg","thumbnail_width":710,"thumbnail_height":300,"description":"Dzi\u015b rano w Lubece w wieku 87 lat zmar\u0142 pisarz G\u00fcnter Grass. Dla jednych to wiadomo\u015b\u0107 smutna, dla innych \u2013 oboj\u0119tna (a kto to by\u0142 ten Grass?). Jedni bezkrytycznie uwielbiaj\u0105 jego tw\u00f3rczo\u015b\u0107, inni \u2013 wieszaj\u0105 psy za epizod z Waffen-SS i rzekomo antyizraelski wiersz. Media prze\u015bcigaj\u0105 si\u0119 w cytowaniu Wikipedii i przypominaniu o literackim Noblu&hellip;"}