{"version":"1.0","provider_name":"Wrzeszcz Jarka Wasielewskiego","provider_url":"https:\/\/jarekwasielewski.pl\/zwrzeszcza","author_name":"Jarek Wasielewski","author_url":"https:\/\/jarekwasielewski.pl\/zwrzeszcza\/author\/jarek-wasielewski\/","title":"Wycieczka do Le\u015bnej Chatki - Wrzeszcz Jarka Wasielewskiego","type":"rich","width":600,"height":338,"html":"<blockquote class=\"wp-embedded-content\" data-secret=\"IpgyDklnPm\"><a href=\"https:\/\/jarekwasielewski.pl\/zwrzeszcza\/2014\/02\/wycieczka-do-lesnej-chatki\/\">Wycieczka do Le\u015bnej Chatki<\/a><\/blockquote><iframe sandbox=\"allow-scripts\" security=\"restricted\" src=\"https:\/\/jarekwasielewski.pl\/zwrzeszcza\/2014\/02\/wycieczka-do-lesnej-chatki\/embed\/#?secret=IpgyDklnPm\" width=\"600\" height=\"338\" title=\"&#8222;Wycieczka do Le\u015bnej Chatki&#8221; &#8212; Wrzeszcz Jarka Wasielewskiego\" data-secret=\"IpgyDklnPm\" frameborder=\"0\" marginwidth=\"0\" marginheight=\"0\" scrolling=\"no\" class=\"wp-embedded-content\"><\/iframe><script type=\"text\/javascript\">\n\/* <![CDATA[ *\/\n\/*! This file is auto-generated *\/\n!function(d,l){\"use strict\";l.querySelector&&d.addEventListener&&\"undefined\"!=typeof URL&&(d.wp=d.wp||{},d.wp.receiveEmbedMessage||(d.wp.receiveEmbedMessage=function(e){var t=e.data;if((t||t.secret||t.message||t.value)&&!\/[^a-zA-Z0-9]\/.test(t.secret)){for(var s,r,n,a=l.querySelectorAll('iframe[data-secret=\"'+t.secret+'\"]'),o=l.querySelectorAll('blockquote[data-secret=\"'+t.secret+'\"]'),c=new RegExp(\"^https?:$\",\"i\"),i=0;i<o.length;i++)o[i].style.display=\"none\";for(i=0;i<a.length;i++)s=a[i],e.source===s.contentWindow&&(s.removeAttribute(\"style\"),\"height\"===t.message?(1e3<(r=parseInt(t.value,10))?r=1e3:~~r<200&&(r=200),s.height=r):\"link\"===t.message&&(r=new URL(s.getAttribute(\"src\")),n=new URL(t.value),c.test(n.protocol))&&n.host===r.host&&l.activeElement===s&&(d.top.location.href=t.value))}},d.addEventListener(\"message\",d.wp.receiveEmbedMessage,!1),l.addEventListener(\"DOMContentLoaded\",function(){for(var e,t,s=l.querySelectorAll(\"iframe.wp-embedded-content\"),r=0;r<s.length;r++)(t=(e=s[r]).getAttribute(\"data-secret\"))||(t=Math.random().toString(36).substring(2,12),e.src+=\"#?secret=\"+t,e.setAttribute(\"data-secret\",t)),e.contentWindow.postMessage({message:\"ready\",secret:t},\"*\")},!1)))}(window,document);\n\/\/# sourceURL=https:\/\/jarekwasielewski.pl\/zwrzeszcza\/wp-includes\/js\/wp-embed.min.js\n\/* ]]> *\/\n<\/script>\n","thumbnail_url":"https:\/\/jarekwasielewski.pl\/zwrzeszcza\/wp-content\/uploads\/2014\/02\/langfuhr_waldhaeuschen_1915.jpg","thumbnail_width":806,"thumbnail_height":513,"description":"Czekaj\u0105c na druk albumu Wrzeszcz na dawnej poczt\u00f3wce postanowi\u0142em wzi\u0105\u0107 oddech, odpocz\u0105\u0107 troch\u0119 od opatrzonych ju\u017c widok\u00f3w i dla odmiany obejrze\u0107 sobie co\u015b &#8222;nowego&#8221;. Pretekstu dostarczy\u0142 mi Tomek Dom\u017calski, zbieracz poczt\u00f3wek (jak sam zaznacza: jeszcze nie kolekcjoner), kt\u00f3ry u\u017cyczy\u0142 kilku pere\u0142ek do ww. wydawnictwa, oraz pi\u0119kna, wiosenna ju\u017c w\u0142a\u015bciwie pogoda. Ot\u00f3\u017c niedawno Tomek kupi\u0142 na&hellip;"}