{"version":"1.0","provider_name":"Wrzeszcz Jarka Wasielewskiego","provider_url":"https:\/\/jarekwasielewski.pl\/zwrzeszcza","author_name":"Jarek Wasielewski","author_url":"https:\/\/jarekwasielewski.pl\/zwrzeszcza\/author\/jarek-wasielewski\/","title":"Wrzeszcza\u0144scy Huzarzy \u015amierci na filmie - Wrzeszcz Jarka Wasielewskiego","type":"rich","width":600,"height":338,"html":"<blockquote class=\"wp-embedded-content\" data-secret=\"CmObcPX2Sw\"><a href=\"https:\/\/jarekwasielewski.pl\/zwrzeszcza\/2013\/09\/wrzeszczanscy-huzarzy-smierci-na-filmie\/\">Wrzeszcza\u0144scy Huzarzy \u015amierci na filmie<\/a><\/blockquote><iframe sandbox=\"allow-scripts\" security=\"restricted\" src=\"https:\/\/jarekwasielewski.pl\/zwrzeszcza\/2013\/09\/wrzeszczanscy-huzarzy-smierci-na-filmie\/embed\/#?secret=CmObcPX2Sw\" width=\"600\" height=\"338\" title=\"&#8222;Wrzeszcza\u0144scy Huzarzy \u015amierci na filmie&#8221; &#8212; Wrzeszcz Jarka Wasielewskiego\" data-secret=\"CmObcPX2Sw\" frameborder=\"0\" marginwidth=\"0\" marginheight=\"0\" scrolling=\"no\" class=\"wp-embedded-content\"><\/iframe><script type=\"text\/javascript\">\n\/* <![CDATA[ *\/\n\/*! This file is auto-generated *\/\n!function(d,l){\"use strict\";l.querySelector&&d.addEventListener&&\"undefined\"!=typeof URL&&(d.wp=d.wp||{},d.wp.receiveEmbedMessage||(d.wp.receiveEmbedMessage=function(e){var t=e.data;if((t||t.secret||t.message||t.value)&&!\/[^a-zA-Z0-9]\/.test(t.secret)){for(var s,r,n,a=l.querySelectorAll('iframe[data-secret=\"'+t.secret+'\"]'),o=l.querySelectorAll('blockquote[data-secret=\"'+t.secret+'\"]'),c=new RegExp(\"^https?:$\",\"i\"),i=0;i<o.length;i++)o[i].style.display=\"none\";for(i=0;i<a.length;i++)s=a[i],e.source===s.contentWindow&&(s.removeAttribute(\"style\"),\"height\"===t.message?(1e3<(r=parseInt(t.value,10))?r=1e3:~~r<200&&(r=200),s.height=r):\"link\"===t.message&&(r=new URL(s.getAttribute(\"src\")),n=new URL(t.value),c.test(n.protocol))&&n.host===r.host&&l.activeElement===s&&(d.top.location.href=t.value))}},d.addEventListener(\"message\",d.wp.receiveEmbedMessage,!1),l.addEventListener(\"DOMContentLoaded\",function(){for(var e,t,s=l.querySelectorAll(\"iframe.wp-embedded-content\"),r=0;r<s.length;r++)(t=(e=s[r]).getAttribute(\"data-secret\"))||(t=Math.random().toString(36).substring(2,12),e.src+=\"#?secret=\"+t,e.setAttribute(\"data-secret\",t)),e.contentWindow.postMessage({message:\"ready\",secret:t},\"*\")},!1)))}(window,document);\n\/\/# sourceURL=https:\/\/jarekwasielewski.pl\/zwrzeszcza\/wp-includes\/js\/wp-embed.min.js\n\/* ]]> *\/\n<\/script>\n","thumbnail_url":"https:\/\/jarekwasielewski.pl\/zwrzeszcza\/wp-content\/uploads\/2013\/09\/gdansk_film_huzarzy.jpg","thumbnail_width":460,"thumbnail_height":260,"description":"Niedawno na YouTubie pojawi\u0142 si\u0119 sensacyjny filmik. Ma nieca\u0142e 5 minut i na pierwszy rzut oka niby nie pokazuje niczego specjalnego &#8211; jacy\u015b \u017co\u0142nierze paraduj\u0105 na koniach na jakim\u015b polu&#8230; Nie s\u0105 to jednak zwykli \u017co\u0142nierze, ani zwyk\u0142a parada; r\u00f3wnie\u017c miejsce trudno nazwa\u0107 zwyczajnym. Na filmie uwieczniono parad\u0119 s\u0142ynnych Huzar\u00f3w \u015amierci, skoszarowanych w Strzy\u017cy! I&hellip;"}