{"version":"1.0","provider_name":"Wrzeszcz Jarka Wasielewskiego","provider_url":"https:\/\/jarekwasielewski.pl\/zwrzeszcza","author_name":"Jarek Wasielewski","author_url":"https:\/\/jarekwasielewski.pl\/zwrzeszcza\/author\/jarek-wasielewski\/","title":"Spacer \u015bladem przedwojennego Kaszubskiego Ekspresu - Wrzeszcz Jarka Wasielewskiego","type":"rich","width":600,"height":338,"html":"<blockquote class=\"wp-embedded-content\" data-secret=\"mxzfKV6wUd\"><a href=\"https:\/\/jarekwasielewski.pl\/zwrzeszcza\/2013\/04\/spacer-sladem-przedwojennego-kaszubskiego-ekspresu\/\">Spacer \u015bladem przedwojennego Kaszubskiego Ekspresu<\/a><\/blockquote><iframe sandbox=\"allow-scripts\" security=\"restricted\" src=\"https:\/\/jarekwasielewski.pl\/zwrzeszcza\/2013\/04\/spacer-sladem-przedwojennego-kaszubskiego-ekspresu\/embed\/#?secret=mxzfKV6wUd\" width=\"600\" height=\"338\" title=\"&#8222;Spacer \u015bladem przedwojennego Kaszubskiego Ekspresu&#8221; &#8212; Wrzeszcz Jarka Wasielewskiego\" data-secret=\"mxzfKV6wUd\" frameborder=\"0\" marginwidth=\"0\" marginheight=\"0\" scrolling=\"no\" class=\"wp-embedded-content\"><\/iframe><script type=\"text\/javascript\">\n\/* <![CDATA[ *\/\n\/*! This file is auto-generated *\/\n!function(d,l){\"use strict\";l.querySelector&&d.addEventListener&&\"undefined\"!=typeof URL&&(d.wp=d.wp||{},d.wp.receiveEmbedMessage||(d.wp.receiveEmbedMessage=function(e){var t=e.data;if((t||t.secret||t.message||t.value)&&!\/[^a-zA-Z0-9]\/.test(t.secret)){for(var s,r,n,a=l.querySelectorAll('iframe[data-secret=\"'+t.secret+'\"]'),o=l.querySelectorAll('blockquote[data-secret=\"'+t.secret+'\"]'),c=new RegExp(\"^https?:$\",\"i\"),i=0;i<o.length;i++)o[i].style.display=\"none\";for(i=0;i<a.length;i++)s=a[i],e.source===s.contentWindow&&(s.removeAttribute(\"style\"),\"height\"===t.message?(1e3<(r=parseInt(t.value,10))?r=1e3:~~r<200&&(r=200),s.height=r):\"link\"===t.message&&(r=new URL(s.getAttribute(\"src\")),n=new URL(t.value),c.test(n.protocol))&&n.host===r.host&&l.activeElement===s&&(d.top.location.href=t.value))}},d.addEventListener(\"message\",d.wp.receiveEmbedMessage,!1),l.addEventListener(\"DOMContentLoaded\",function(){for(var e,t,s=l.querySelectorAll(\"iframe.wp-embedded-content\"),r=0;r<s.length;r++)(t=(e=s[r]).getAttribute(\"data-secret\"))||(t=Math.random().toString(36).substring(2,12),e.src+=\"#?secret=\"+t,e.setAttribute(\"data-secret\",t)),e.contentWindow.postMessage({message:\"ready\",secret:t},\"*\")},!1)))}(window,document);\n\/\/# sourceURL=https:\/\/jarekwasielewski.pl\/zwrzeszcza\/wp-includes\/js\/wp-embed.min.js\n\/* ]]> *\/\n<\/script>\n","thumbnail_url":"https:\/\/jarekwasielewski.pl\/zwrzeszcza\/wp-content\/uploads\/ngg_featured\/kolej_kokoszkowska_34.JPG","thumbnail_width":700,"thumbnail_height":525,"description":"Od d\u0142u\u017cszego ju\u017c czasu nosi\u0142em si\u0119 z zamiarem przej\u015bcia szlakiem dawnej linii kolejowej, kt\u00f3ra w latach 1914-1945 bieg\u0142a z Wrzeszcza przez m.in. Nied\u017awiednik, Br\u0119towo, Jasie\u0144 i Kokoszki do Starej Pi\u0142y. Nosi\u0142em si\u0119 z zamiarem i przez d\u0142ugi czas nic z tego nie wynika\u0142o, co jednak w ostatecznym rozrachunku wysz\u0142o mi na dobre. Za\u0142apa\u0142em si\u0119 bowiem&hellip;"}